{"id":83,"date":"2016-02-02T18:14:38","date_gmt":"2016-02-02T18:14:38","guid":{"rendered":"http:\/\/wahlendorf.be\/?page_id=83"},"modified":"2016-02-02T18:20:47","modified_gmt":"2016-02-02T18:20:47","slug":"menschen","status":"publish","type":"page","link":"https:\/\/wahlendorf.be\/?page_id=83","title":{"rendered":"Menschen"},"content":{"rendered":"<p>&nbsp;<\/p>\n<div id=\"attachment_84\" style=\"width: 700px\" class=\"wp-caption alignnone\"><img loading=\"lazy\" decoding=\"async\" aria-describedby=\"caption-attachment-84\" class=\"wp-image-84 size-large\" src=\"https:\/\/wahlendorf.be\/wp-content\/uploads\/waschtag_internierte_franzosen_1943_2-1024x647.jpg\" alt=\"waschtag_internierte_franzosen_1943_2\" width=\"690\" height=\"436\" srcset=\"https:\/\/wahlendorf.be\/wp-content\/uploads\/waschtag_internierte_franzosen_1943_2-1024x647.jpg 1024w, https:\/\/wahlendorf.be\/wp-content\/uploads\/waschtag_internierte_franzosen_1943_2-400x253.jpg 400w, https:\/\/wahlendorf.be\/wp-content\/uploads\/waschtag_internierte_franzosen_1943_2-238x150.jpg 238w, https:\/\/wahlendorf.be\/wp-content\/uploads\/waschtag_internierte_franzosen_1943_2-150x95.jpg 150w, https:\/\/wahlendorf.be\/wp-content\/uploads\/waschtag_internierte_franzosen_1943_2.jpg 1216w\" sizes=\"auto, (max-width: 690px) 100vw, 690px\" \/><p id=\"caption-attachment-84\" class=\"wp-caption-text\">&#8222;Waschtag f\u00fcr franz\u00f6siche Armeeangeh\u00f6rige&#8220; im 1943 vor dem Wirtshaus R\u00f6ssli (gem\u00e4ss Zeitzeugin)<\/p><\/div>\n<div id=\"attachment_91\" style=\"width: 700px\" class=\"wp-caption alignnone\"><img loading=\"lazy\" decoding=\"async\" aria-describedby=\"caption-attachment-91\" class=\"wp-image-91 size-large\" src=\"https:\/\/wahlendorf.be\/wp-content\/uploads\/Klassenfoto_ca_1932-1024x698.jpg\" alt=\"Klassenfoto_ca_1932\" width=\"690\" height=\"470\" srcset=\"https:\/\/wahlendorf.be\/wp-content\/uploads\/Klassenfoto_ca_1932-1024x698.jpg 1024w, https:\/\/wahlendorf.be\/wp-content\/uploads\/Klassenfoto_ca_1932-400x273.jpg 400w, https:\/\/wahlendorf.be\/wp-content\/uploads\/Klassenfoto_ca_1932-220x150.jpg 220w, https:\/\/wahlendorf.be\/wp-content\/uploads\/Klassenfoto_ca_1932-150x102.jpg 150w, https:\/\/wahlendorf.be\/wp-content\/uploads\/Klassenfoto_ca_1932.jpg 1362w\" sizes=\"auto, (max-width: 690px) 100vw, 690px\" \/><p id=\"caption-attachment-91\" class=\"wp-caption-text\">Klassenfoto ca. 1932<\/p><\/div>\n<div id=\"attachment_93\" style=\"width: 700px\" class=\"wp-caption alignnone\"><img loading=\"lazy\" decoding=\"async\" aria-describedby=\"caption-attachment-93\" class=\"wp-image-93 size-large\" src=\"https:\/\/wahlendorf.be\/wp-content\/uploads\/schulklasse_1940_2-1024x624.jpg\" alt=\"schulklasse_1940_2\" width=\"690\" height=\"420\" srcset=\"https:\/\/wahlendorf.be\/wp-content\/uploads\/schulklasse_1940_2-1024x624.jpg 1024w, https:\/\/wahlendorf.be\/wp-content\/uploads\/schulklasse_1940_2-400x244.jpg 400w, https:\/\/wahlendorf.be\/wp-content\/uploads\/schulklasse_1940_2-246x150.jpg 246w, https:\/\/wahlendorf.be\/wp-content\/uploads\/schulklasse_1940_2-150x91.jpg 150w, https:\/\/wahlendorf.be\/wp-content\/uploads\/schulklasse_1940_2.jpg 1261w\" sizes=\"auto, (max-width: 690px) 100vw, 690px\" \/><p id=\"caption-attachment-93\" class=\"wp-caption-text\">Schule 1942<\/p><\/div>\n<div id=\"attachment_95\" style=\"width: 700px\" class=\"wp-caption alignnone\"><img loading=\"lazy\" decoding=\"async\" aria-describedby=\"caption-attachment-95\" class=\"wp-image-95 size-large\" src=\"https:\/\/wahlendorf.be\/wp-content\/uploads\/schulklasse_1944_2-1024x638.jpg\" alt=\"schulklasse_1944_2\" width=\"690\" height=\"430\" srcset=\"https:\/\/wahlendorf.be\/wp-content\/uploads\/schulklasse_1944_2-1024x638.jpg 1024w, https:\/\/wahlendorf.be\/wp-content\/uploads\/schulklasse_1944_2-400x249.jpg 400w, https:\/\/wahlendorf.be\/wp-content\/uploads\/schulklasse_1944_2-241x150.jpg 241w, https:\/\/wahlendorf.be\/wp-content\/uploads\/schulklasse_1944_2-150x93.jpg 150w, https:\/\/wahlendorf.be\/wp-content\/uploads\/schulklasse_1944_2.jpg 1233w\" sizes=\"auto, (max-width: 690px) 100vw, 690px\" \/><p id=\"caption-attachment-95\" class=\"wp-caption-text\">Schule 1944<\/p><\/div>\n","protected":false},"excerpt":{"rendered":"<p>&nbsp;<\/p>\n<p class=\"continue-reading-button\"> <a class=\"continue-reading-link\" href=\"https:\/\/wahlendorf.be\/?page_id=83\">.<i class=\"crycon-right-dir\"><\/i><\/a><\/p>\n","protected":false},"author":1,"featured_media":0,"parent":0,"menu_order":80,"comment_status":"closed","ping_status":"closed","template":"","meta":{"footnotes":""},"class_list":["post-83","page","type-page","status-publish","hentry"],"_links":{"self":[{"href":"https:\/\/wahlendorf.be\/index.php?rest_route=\/wp\/v2\/pages\/83","targetHints":{"allow":["GET"]}}],"collection":[{"href":"https:\/\/wahlendorf.be\/index.php?rest_route=\/wp\/v2\/pages"}],"about":[{"href":"https:\/\/wahlendorf.be\/index.php?rest_route=\/wp\/v2\/types\/page"}],"author":[{"embeddable":true,"href":"https:\/\/wahlendorf.be\/index.php?rest_route=\/wp\/v2\/users\/1"}],"replies":[{"embeddable":true,"href":"https:\/\/wahlendorf.be\/index.php?rest_route=%2Fwp%2Fv2%2Fcomments&post=83"}],"version-history":[{"count":4,"href":"https:\/\/wahlendorf.be\/index.php?rest_route=\/wp\/v2\/pages\/83\/revisions"}],"predecessor-version":[{"id":96,"href":"https:\/\/wahlendorf.be\/index.php?rest_route=\/wp\/v2\/pages\/83\/revisions\/96"}],"wp:attachment":[{"href":"https:\/\/wahlendorf.be\/index.php?rest_route=%2Fwp%2Fv2%2Fmedia&parent=83"}],"curies":[{"name":"wp","href":"https:\/\/api.w.org\/{rel}","templated":true}]}}